{"id":21333,"date":"2023-11-20T10:43:16","date_gmt":"2023-11-20T09:43:16","guid":{"rendered":"https:\/\/en-desarrollo.eu\/casadelamemoria\/artista\/irene-rueda\/"},"modified":"2023-11-23T08:33:46","modified_gmt":"2023-11-23T07:33:46","slug":"irene-rueda","status":"publish","type":"artista","link":"https:\/\/casadelamemoria.es\/fr\/artiste\/irene-rueda\/","title":{"rendered":"Irene Rueda"},"content":{"rendered":"\n<p>Elle est n\u00e9e en 1993 dans le quartier embl\u00e9matique de l&rsquo;Albaic\u00edn, \u00e0 Grenade. Elle a commenc\u00e9 \u00e0 danser \u00e0 l&rsquo;\u00e2ge de quatre ans. \u00c0 l&rsquo;\u00e2ge de huit ans, elle entre au conservatoire de danse \u00ab Reina Sof\u00eda \u00bb de Grenade et obtient en 2011 le titre de Licence Professionnelle dans la sp\u00e9cialit\u00e9 de Danse Espagnole.<\/p>\n\n<p>La m\u00eame ann\u00e9e, Irene obtient une bourse du Centre Andalou de Danse de S\u00e9ville, compl\u00e9tant ainsi les deux ann\u00e9es attribu\u00e9es par le centre, se produisant dans les meilleurs th\u00e9\u00e2tres d&rsquo;Andalousie.<\/p>\n","protected":false},"excerpt":{"rendered":"<p>Elle est n\u00e9e en 1993 dans le quartier embl\u00e9matique de l&rsquo;Albaic\u00edn, \u00e0 Grenade. Elle a commenc\u00e9 \u00e0 danser \u00e0 l&rsquo;\u00e2ge de quatre ans. \u00c0 l&rsquo;\u00e2ge de huit ans, elle entre au conservatoire de danse \u00ab Reina Sof\u00eda \u00bb de Grenade et obtient en 2011 le titre de Licence Professionnelle dans la sp\u00e9cialit\u00e9 de Danse Espagnole. &#8230; <a title=\"Irene Rueda\" class=\"read-more\" href=\"https:\/\/casadelamemoria.es\/fr\/artiste\/irene-rueda\/\" aria-label=\"En savoir plus sur Irene Rueda\">Lire la suite<\/a><\/p>\n","protected":false},"featured_media":21072,"template":"","meta":{"_acf_changed":false,"om_disable_all_campaigns":false},"categories":[232],"tags":[],"class_list":["post-21333","artista","type-artista","status-publish","has-post-thumbnail","hentry","category-al-baile"],"acf":[],"aioseo_notices":[],"_links":{"self":[{"href":"https:\/\/casadelamemoria.es\/fr\/wp-json\/wp\/v2\/artista\/21333","targetHints":{"allow":["GET"]}}],"collection":[{"href":"https:\/\/casadelamemoria.es\/fr\/wp-json\/wp\/v2\/artista"}],"about":[{"href":"https:\/\/casadelamemoria.es\/fr\/wp-json\/wp\/v2\/types\/artista"}],"wp:featuredmedia":[{"embeddable":true,"href":"https:\/\/casadelamemoria.es\/fr\/wp-json\/wp\/v2\/media\/21072"}],"wp:attachment":[{"href":"https:\/\/casadelamemoria.es\/fr\/wp-json\/wp\/v2\/media?parent=21333"}],"wp:term":[{"taxonomy":"category","embeddable":true,"href":"https:\/\/casadelamemoria.es\/fr\/wp-json\/wp\/v2\/categories?post=21333"},{"taxonomy":"post_tag","embeddable":true,"href":"https:\/\/casadelamemoria.es\/fr\/wp-json\/wp\/v2\/tags?post=21333"}],"curies":[{"name":"wp","href":"https:\/\/api.w.org\/{rel}","templated":true}]}}