{"id":21335,"date":"2023-11-20T10:45:47","date_gmt":"2023-11-20T09:45:47","guid":{"rendered":"https:\/\/en-desarrollo.eu\/casadelamemoria\/artista\/gema-moneo\/"},"modified":"2023-11-20T10:45:47","modified_gmt":"2023-11-20T09:45:47","slug":"gema-moneo","status":"publish","type":"artista","link":"https:\/\/casadelamemoria.es\/fr\/artiste\/gema-moneo\/","title":{"rendered":"Gema Moneo"},"content":{"rendered":"\n<p>Gema Moneo est n\u00e9e en 1991 \u00e0 Jerez de la Frontera, Cadix, dans une famille flamenco tr\u00e8s connue: \u00ab les Moneo \u00bb. Tr\u00e8s vite, elle  d\u00e9bute sa formation aupr\u00e8s d&rsquo;artistes de renom.<\/p>\n\n<p>Sa carri\u00e8re professionnelle d\u00e9bute \u00e0 seulement 13 ans, en dansant dans les tablaos de sa ville natale et dans des clubs internationaux comme Paris ou le festival de flamenco de Londres. \u00c0 l&rsquo;\u00e2ge de 17 ans, il danse au Festival de Gen\u00e8ve (Suisse), au Th\u00e9\u00e2tre de l&rsquo;Alhambra, aux Vendredis Flamenco de Jerez et au Festival Flamenco de Saragosse.<\/p>\n\n<p>\u00c0 sa majorit\u00e9, elle rejoint la compagnie de danse de Farruquito avec le spectacle \u00ab Soner\u00edas \u00bb, cr\u00e9\u00e9 \u00e0 la Biennale de S\u00e9ville en 2010. Avec la m\u00eame compagnie, Gema participe au spectacle \u00ab danse flamenco \u00bb, en tourn\u00e9e en Argentine et au Chili en 2012. En 2018 elle remporte le prix de l&rsquo;artiste r\u00e9v\u00e9lation, d\u00e9cern\u00e9 par la critique sp\u00e9cialis\u00e9e au 22e Festival de Jerez.<\/p>\n\n<p>Actuellement, elle travaille dans les tablaos les plus reconnus de Jerez, S\u00e9ville, Madrid et Barcelone. Ainsi que dans les concerts de Diego del Morao.<\/p>\n","protected":false},"excerpt":{"rendered":"<p>Gema Moneo est n\u00e9e en 1991 \u00e0 Jerez de la Frontera, Cadix, dans une famille flamenco tr\u00e8s connue: \u00ab les Moneo \u00bb. Tr\u00e8s vite, elle d\u00e9bute sa formation aupr\u00e8s d&rsquo;artistes de renom. Sa carri\u00e8re professionnelle d\u00e9bute \u00e0 seulement 13 ans, en dansant dans les tablaos de sa ville natale et dans des clubs internationaux comme &#8230; <a title=\"Gema Moneo\" class=\"read-more\" href=\"https:\/\/casadelamemoria.es\/fr\/artiste\/gema-moneo\/\" aria-label=\"En savoir plus sur Gema Moneo\">Lire la suite<\/a><\/p>\n","protected":false},"featured_media":21088,"template":"","meta":{"_acf_changed":false,"om_disable_all_campaigns":false},"categories":[232],"tags":[],"class_list":["post-21335","artista","type-artista","status-publish","has-post-thumbnail","hentry","category-al-baile"],"acf":[],"aioseo_notices":[],"_links":{"self":[{"href":"https:\/\/casadelamemoria.es\/fr\/wp-json\/wp\/v2\/artista\/21335","targetHints":{"allow":["GET"]}}],"collection":[{"href":"https:\/\/casadelamemoria.es\/fr\/wp-json\/wp\/v2\/artista"}],"about":[{"href":"https:\/\/casadelamemoria.es\/fr\/wp-json\/wp\/v2\/types\/artista"}],"wp:featuredmedia":[{"embeddable":true,"href":"https:\/\/casadelamemoria.es\/fr\/wp-json\/wp\/v2\/media\/21088"}],"wp:attachment":[{"href":"https:\/\/casadelamemoria.es\/fr\/wp-json\/wp\/v2\/media?parent=21335"}],"wp:term":[{"taxonomy":"category","embeddable":true,"href":"https:\/\/casadelamemoria.es\/fr\/wp-json\/wp\/v2\/categories?post=21335"},{"taxonomy":"post_tag","embeddable":true,"href":"https:\/\/casadelamemoria.es\/fr\/wp-json\/wp\/v2\/tags?post=21335"}],"curies":[{"name":"wp","href":"https:\/\/api.w.org\/{rel}","templated":true}]}}