{"id":21373,"date":"2023-11-23T08:23:18","date_gmt":"2023-11-23T07:23:18","guid":{"rendered":"https:\/\/en-desarrollo.eu\/casadelamemoria\/artista\/juan-carlos-cardoso\/"},"modified":"2024-01-17T12:34:13","modified_gmt":"2024-01-17T11:34:13","slug":"juan-carlos-cardoso","status":"publish","type":"artista","link":"https:\/\/casadelamemoria.es\/fr\/artiste\/juan-carlos-cardoso\/","title":{"rendered":"Juan Carlos Cardoso"},"content":{"rendered":"\n<p>Il s\u00b4est form\u00e9 tr\u00e8s jeune au Conservatorio de Danza de S\u00e9ville, bien qu\u00b4il ait enrichit ses connaissances avec Antonio Canales, Eva Yerbabuena, Mario Maya, Javier Bar\u00f3n, Juana Amaya, Israel Galv\u00e1n, Javier Latorre et Jos\u00e9 Antonio Ruiz. Il concilie ses \u00e9tudes avec le Ballet de Danza Ciudad de Sevilla, ayant l\u00b4opportunit\u00e9 d\u00b4interpr\u00e9ter des chor\u00e9graphies de Javier Latorre, Manolo Mar\u00edn, Ana Mar\u00eda Bueno et La Ton\u00e1, entre autres.<\/p>\n\n<p>Outre son appartenance \u00e0 des compagnies de taille comme celle de Mar\u00eda Pag\u00e9s, Mar\u00eda Serrano ou Eva \u00ab La Yerbabuena \u00bb et au Ballet Espa\u00f1ol de Murcia, il a travaill\u00e9 en tant que chor\u00e9graphe.<\/p>\n","protected":false},"excerpt":{"rendered":"<p>Il s\u00b4est form\u00e9 tr\u00e8s jeune au Conservatorio de Danza de S\u00e9ville, bien qu\u00b4il ait enrichit ses connaissances avec Antonio Canales, Eva Yerbabuena, Mario Maya, Javier Bar\u00f3n, Juana Amaya, Israel Galv\u00e1n, Javier Latorre et Jos\u00e9 Antonio Ruiz.<\/p>\n","protected":false},"featured_media":20716,"template":"","meta":{"_acf_changed":false,"om_disable_all_campaigns":false},"categories":[123],"tags":[],"class_list":["post-21373","artista","type-artista","status-publish","has-post-thumbnail","hentry","category-al-baile-fr"],"acf":[],"aioseo_notices":[],"_links":{"self":[{"href":"https:\/\/casadelamemoria.es\/fr\/wp-json\/wp\/v2\/artista\/21373","targetHints":{"allow":["GET"]}}],"collection":[{"href":"https:\/\/casadelamemoria.es\/fr\/wp-json\/wp\/v2\/artista"}],"about":[{"href":"https:\/\/casadelamemoria.es\/fr\/wp-json\/wp\/v2\/types\/artista"}],"wp:featuredmedia":[{"embeddable":true,"href":"https:\/\/casadelamemoria.es\/fr\/wp-json\/wp\/v2\/media\/20716"}],"wp:attachment":[{"href":"https:\/\/casadelamemoria.es\/fr\/wp-json\/wp\/v2\/media?parent=21373"}],"wp:term":[{"taxonomy":"category","embeddable":true,"href":"https:\/\/casadelamemoria.es\/fr\/wp-json\/wp\/v2\/categories?post=21373"},{"taxonomy":"post_tag","embeddable":true,"href":"https:\/\/casadelamemoria.es\/fr\/wp-json\/wp\/v2\/tags?post=21373"}],"curies":[{"name":"wp","href":"https:\/\/api.w.org\/{rel}","templated":true}]}}