{"id":21378,"date":"2023-11-23T08:28:54","date_gmt":"2023-11-23T07:28:54","guid":{"rendered":"https:\/\/en-desarrollo.eu\/casadelamemoria\/artista\/marta-arias\/"},"modified":"2024-01-17T12:37:22","modified_gmt":"2024-01-17T11:37:22","slug":"marta-arias","status":"publish","type":"artista","link":"https:\/\/casadelamemoria.es\/fr\/artiste\/marta-arias\/","title":{"rendered":"Marta Arias"},"content":{"rendered":"\n<p>Licenci\u00e9e en Danza Espa\u00f1ola du Conservatorio de Sevilla, elle a compl\u00e9t\u00e9 ses \u00e9tudes avec des cours de flamenco, danse stylis\u00e9e, classique, contemporaine et danses r\u00e9gionales. Elle a \u00e9galement fait partie du groupe Danza Ciudad de Sevilla interpr\u00e9tant des chor\u00e9graphies de Javier Latorre, Manolo Mar\u00edn et La Ton\u00e1. Elle a appartenu \u00e0 la Compa\u00f1\u00eda Andaluza de Danza et est mont\u00e9e sur sc\u00e8ne en compagnie de Mar\u00eda Pag\u00e9s, Andr\u00e9s Mar\u00edn, Juana Amaya, Eva Yerbabuena, A\u00edda G\u00f3mez mais encore Cristina Hoyos, avec qui elle a travaill\u00e9 sous sa direction au Ballet Flamenco de Andaluc\u00eda. Elle concilie son travail artistique avec l&rsquo;enseignement en formant partie de l\u00b4\u00e9quipe de professeurs de l\u00b4acad\u00e9mie d\u00b4Andr\u00e9s Mar\u00edn.<\/p>\n","protected":false},"excerpt":{"rendered":"<p>Licenci\u00e9e en Danza Espa\u00f1ola du Conservatorio de Sevilla, elle a compl\u00e9t\u00e9 ses \u00e9tudes avec des cours de flamenco, danse stylis\u00e9e, classique, contemporaine et danses r\u00e9gionales. Elle a \u00e9galement fait partie du groupe Danza Ciudad de Sevilla <\/p>\n","protected":false},"featured_media":20687,"template":"","meta":{"_acf_changed":false,"om_disable_all_campaigns":false},"categories":[123],"tags":[],"class_list":["post-21378","artista","type-artista","status-publish","has-post-thumbnail","hentry","category-al-baile-fr"],"acf":[],"aioseo_notices":[],"_links":{"self":[{"href":"https:\/\/casadelamemoria.es\/fr\/wp-json\/wp\/v2\/artista\/21378","targetHints":{"allow":["GET"]}}],"collection":[{"href":"https:\/\/casadelamemoria.es\/fr\/wp-json\/wp\/v2\/artista"}],"about":[{"href":"https:\/\/casadelamemoria.es\/fr\/wp-json\/wp\/v2\/types\/artista"}],"wp:featuredmedia":[{"embeddable":true,"href":"https:\/\/casadelamemoria.es\/fr\/wp-json\/wp\/v2\/media\/20687"}],"wp:attachment":[{"href":"https:\/\/casadelamemoria.es\/fr\/wp-json\/wp\/v2\/media?parent=21378"}],"wp:term":[{"taxonomy":"category","embeddable":true,"href":"https:\/\/casadelamemoria.es\/fr\/wp-json\/wp\/v2\/categories?post=21378"},{"taxonomy":"post_tag","embeddable":true,"href":"https:\/\/casadelamemoria.es\/fr\/wp-json\/wp\/v2\/tags?post=21378"}],"curies":[{"name":"wp","href":"https:\/\/api.w.org\/{rel}","templated":true}]}}