{"id":21686,"date":"2024-01-17T14:23:43","date_gmt":"2024-01-17T13:23:43","guid":{"rendered":"https:\/\/casadelamemoria.es\/artista\/pastora-galvan-2\/"},"modified":"2024-01-17T14:24:51","modified_gmt":"2024-01-17T13:24:51","slug":"pastora-galvan","status":"publish","type":"artista","link":"https:\/\/casadelamemoria.es\/fr\/artiste\/pastora-galvan\/","title":{"rendered":"Pastora Galv\u00e1n"},"content":{"rendered":"\n<p>Fille et s\u0153ur de danseurs, Pastora Galv\u00e1n, n\u00e9e \u00e0 S\u00e9ville en 1980, a la passion pour la danse dans le sang et a h\u00e9rit\u00e9 du caract\u00e8re traditionnel des danses que lui a transmis son p\u00e8re et la modernit\u00e9 de la danse de son fr\u00e8re Israel. Elle a suivi un cursus de Danza Espa\u00f1ola au Conservatorio de S\u00e9ville et peu apr\u00e8s, elle a commenc\u00e9 \u00e0 voyager en tant que professeure. Elle fait partie du groupe La Tirana de Mar\u00eda Pag\u00e9s et a particip\u00e9 \u00e0 La Diosa Blanca, un spectacle dont la premi\u00e8re a \u00e9t\u00e9 donn\u00e9 en 2005 et qui est exclusivement compos\u00e9 de femmes et avec qui elle partage d\u00b4ailleurs la sc\u00e8ne avec Carmen Linares. Son esprit vif et son in\u00e9branlable \u00e9nergie la conduisent continuellement vers de nouvelles aventures artistiques et \u00e0 mener de nouveaux projets.<\/p>\n","protected":false},"excerpt":{"rendered":"<p>Fille et s\u0153ur de danseurs, Pastora Galv\u00e1n, n\u00e9e \u00e0 S\u00e9ville en 1980, a la passion pour la danse dans le sang et a h\u00e9rit\u00e9 du caract\u00e8re traditionnel des danses que lui a transmis son p\u00e8re et la modernit\u00e9 de la danse de son fr\u00e8re Israel. Elle a suivi un cursus de Danza Espa\u00f1ola au Conservatorio &#8230; <a title=\"Pastora Galv\u00e1n\" class=\"read-more\" href=\"https:\/\/casadelamemoria.es\/fr\/artiste\/pastora-galvan\/\" aria-label=\"En savoir plus sur Pastora Galv\u00e1n\">Lire la suite<\/a><\/p>\n","protected":false},"featured_media":20657,"template":"","meta":{"_acf_changed":false,"om_disable_all_campaigns":false},"categories":[123],"tags":[],"class_list":["post-21686","artista","type-artista","status-publish","has-post-thumbnail","hentry","category-al-baile-fr"],"acf":[],"aioseo_notices":[],"_links":{"self":[{"href":"https:\/\/casadelamemoria.es\/fr\/wp-json\/wp\/v2\/artista\/21686","targetHints":{"allow":["GET"]}}],"collection":[{"href":"https:\/\/casadelamemoria.es\/fr\/wp-json\/wp\/v2\/artista"}],"about":[{"href":"https:\/\/casadelamemoria.es\/fr\/wp-json\/wp\/v2\/types\/artista"}],"wp:featuredmedia":[{"embeddable":true,"href":"https:\/\/casadelamemoria.es\/fr\/wp-json\/wp\/v2\/media\/20657"}],"wp:attachment":[{"href":"https:\/\/casadelamemoria.es\/fr\/wp-json\/wp\/v2\/media?parent=21686"}],"wp:term":[{"taxonomy":"category","embeddable":true,"href":"https:\/\/casadelamemoria.es\/fr\/wp-json\/wp\/v2\/categories?post=21686"},{"taxonomy":"post_tag","embeddable":true,"href":"https:\/\/casadelamemoria.es\/fr\/wp-json\/wp\/v2\/tags?post=21686"}],"curies":[{"name":"wp","href":"https:\/\/api.w.org\/{rel}","templated":true}]}}